{"id":144146,"date":"2020-05-25T14:32:12","date_gmt":"2020-05-25T12:32:12","guid":{"rendered":"https:\/\/robertaebasta.com\/?post_type=works&#038;p=144146"},"modified":"2020-05-25T14:32:12","modified_gmt":"2020-05-25T12:32:12","slug":"bureau-presidentiel-a-zagreb","status":"publish","type":"works","link":"https:\/\/robertaebasta.com\/fr\/works\/bureau-presidentiel-a-zagreb\/","title":{"rendered":"BUREAU PR\u00c9SIDENTIEL \u00c0 ZAGREB"},"content":{"rendered":"<p class=\"p1\" style=\"text-align: center;\">Important bureau de direction r\u00e9alis\u00e9 \u00e0 Zagreb, dans une tour nouvellement construite par l\u2019architecte Silvia Porro et meubl\u00e9e par Robertaebasta. Utilisation massive du bois de rose pour recouvrir les murs, associ\u00e9 \u00e0 des boiseries riches et chics qui allient \u00e9l\u00e9gance et praticit\u00e9 au quotidien.<\/p>\n","protected":false},"author":3,"featured_media":144147,"template":"","acf":[],"yoast_head":"<!-- This site is optimized with the Yoast SEO plugin v23.5 - https:\/\/yoast.com\/wordpress\/plugins\/seo\/ -->\n<title>BUREAU PR\u00c9SIDENTIEL \u00c0 ZAGREB - Robertaebasta\u00ae Art Gallery<\/title>\n<meta name=\"description\" content=\"Important bureau de direction r\u00e9alis\u00e9 \u00e0 Zagreb, dans une tour nouvellement construite par l\u2019architecte Silvia Porro et meubl\u00e9e par Robertaebasta.\" \/>\n<meta name=\"robots\" content=\"index, follow, max-snippet:-1, max-image-preview:large, max-video-preview:-1\" \/>\n<link rel=\"canonical\" href=\"https:\/\/robertaebasta.com\/fr\/works\/bureau-presidentiel-a-zagreb\/\" \/>\n<meta property=\"og:locale\" content=\"fr_FR\" \/>\n<meta property=\"og:type\" content=\"article\" \/>\n<meta property=\"og:title\" content=\"BUREAU PR\u00c9SIDENTIEL \u00c0 ZAGREB - Robertaebasta\u00ae Art Gallery\" \/>\n<meta property=\"og:description\" content=\"Important bureau de direction r\u00e9alis\u00e9 \u00e0 Zagreb, dans une tour nouvellement construite par l\u2019architecte Silvia Porro et meubl\u00e9e par Robertaebasta.\" \/>\n<meta property=\"og:url\" content=\"https:\/\/robertaebasta.com\/fr\/works\/bureau-presidentiel-a-zagreb\/\" \/>\n<meta property=\"og:site_name\" content=\"Robertaebasta\u00ae Art Gallery\" \/>\n<meta property=\"article:publisher\" content=\"https:\/\/www.facebook.com\/RobertaebastaMilano\/\" \/>\n<meta property=\"og:image\" content=\"https:\/\/robertaebasta.com\/wp-content\/uploads\/2020\/05\/00_DSC02233_0.jpg\" \/>\n\t<meta property=\"og:image:width\" content=\"237\" \/>\n\t<meta property=\"og:image:height\" content=\"313\" \/>\n\t<meta property=\"og:image:type\" content=\"image\/jpeg\" \/>\n<meta name=\"twitter:card\" content=\"summary_large_image\" \/>\n<meta name=\"twitter:site\" content=\"@robertaebasta1\" \/>\n<!-- \/ Yoast SEO plugin. -->","yoast_head_json":{"title":"BUREAU PR\u00c9SIDENTIEL \u00c0 ZAGREB - Robertaebasta\u00ae Art Gallery","description":"Important bureau de direction r\u00e9alis\u00e9 \u00e0 Zagreb, dans une tour nouvellement construite par l\u2019architecte Silvia Porro et meubl\u00e9e par Robertaebasta.","robots":{"index":"index","follow":"follow","max-snippet":"max-snippet:-1","max-image-preview":"max-image-preview:large","max-video-preview":"max-video-preview:-1"},"canonical":"https:\/\/robertaebasta.com\/fr\/works\/bureau-presidentiel-a-zagreb\/","og_locale":"fr_FR","og_type":"article","og_title":"BUREAU PR\u00c9SIDENTIEL \u00c0 ZAGREB - Robertaebasta\u00ae Art Gallery","og_description":"Important bureau de direction r\u00e9alis\u00e9 \u00e0 Zagreb, dans une tour nouvellement construite par l\u2019architecte Silvia Porro et meubl\u00e9e par Robertaebasta.","og_url":"https:\/\/robertaebasta.com\/fr\/works\/bureau-presidentiel-a-zagreb\/","og_site_name":"Robertaebasta\u00ae Art Gallery","article_publisher":"https:\/\/www.facebook.com\/RobertaebastaMilano\/","og_image":[{"width":237,"height":313,"url":"https:\/\/robertaebasta.com\/wp-content\/uploads\/2020\/05\/00_DSC02233_0.jpg","type":"image\/jpeg"}],"twitter_card":"summary_large_image","twitter_site":"@robertaebasta1","schema":{"@context":"https:\/\/schema.org","@graph":[{"@type":"WebPage","@id":"https:\/\/robertaebasta.com\/fr\/works\/bureau-presidentiel-a-zagreb\/","url":"https:\/\/robertaebasta.com\/fr\/works\/bureau-presidentiel-a-zagreb\/","name":"BUREAU PR\u00c9SIDENTIEL \u00c0 ZAGREB - Robertaebasta\u00ae Art Gallery","isPartOf":{"@id":"https:\/\/robertaebasta.com\/fr\/#website"},"primaryImageOfPage":{"@id":"https:\/\/robertaebasta.com\/fr\/works\/bureau-presidentiel-a-zagreb\/#primaryimage"},"image":{"@id":"https:\/\/robertaebasta.com\/fr\/works\/bureau-presidentiel-a-zagreb\/#primaryimage"},"thumbnailUrl":"https:\/\/robertaebasta.com\/wp-content\/uploads\/2020\/05\/00_DSC02233_0.jpg","datePublished":"2020-05-25T12:32:12+00:00","dateModified":"2020-05-25T12:32:12+00:00","description":"Important bureau de direction r\u00e9alis\u00e9 \u00e0 Zagreb, dans une tour nouvellement construite par l\u2019architecte Silvia Porro et meubl\u00e9e par Robertaebasta.","breadcrumb":{"@id":"https:\/\/robertaebasta.com\/fr\/works\/bureau-presidentiel-a-zagreb\/#breadcrumb"},"inLanguage":"fr-FR","potentialAction":[{"@type":"ReadAction","target":["https:\/\/robertaebasta.com\/fr\/works\/bureau-presidentiel-a-zagreb\/"]}]},{"@type":"ImageObject","inLanguage":"fr-FR","@id":"https:\/\/robertaebasta.com\/fr\/works\/bureau-presidentiel-a-zagreb\/#primaryimage","url":"https:\/\/robertaebasta.com\/wp-content\/uploads\/2020\/05\/00_DSC02233_0.jpg","contentUrl":"https:\/\/robertaebasta.com\/wp-content\/uploads\/2020\/05\/00_DSC02233_0.jpg","width":237,"height":313},{"@type":"BreadcrumbList","@id":"https:\/\/robertaebasta.com\/fr\/works\/bureau-presidentiel-a-zagreb\/#breadcrumb","itemListElement":[{"@type":"ListItem","position":1,"name":"Home","item":"https:\/\/robertaebasta.com\/fr\/"},{"@type":"ListItem","position":2,"name":"BUREAU PR\u00c9SIDENTIEL \u00c0 ZAGREB"}]},{"@type":"WebSite","@id":"https:\/\/robertaebasta.com\/fr\/#website","url":"https:\/\/robertaebasta.com\/fr\/","name":"Robertaebasta\u00ae Art Gallery","description":"Galleria Antiquaria Milano: art deco, modernariato e stile vintage","publisher":{"@id":"https:\/\/robertaebasta.com\/fr\/#organization"},"potentialAction":[{"@type":"SearchAction","target":{"@type":"EntryPoint","urlTemplate":"https:\/\/robertaebasta.com\/fr\/?s={search_term_string}"},"query-input":{"@type":"PropertyValueSpecification","valueRequired":true,"valueName":"search_term_string"}}],"inLanguage":"fr-FR"},{"@type":"Organization","@id":"https:\/\/robertaebasta.com\/fr\/#organization","name":"Robertaebasta\u00ae","url":"https:\/\/robertaebasta.com\/fr\/","logo":{"@type":"ImageObject","inLanguage":"fr-FR","@id":"https:\/\/robertaebasta.com\/fr\/#\/schema\/logo\/image\/","url":"https:\/\/robertaebasta.com\/wp-content\/uploads\/2020\/03\/logo_oro.png","contentUrl":"https:\/\/robertaebasta.com\/wp-content\/uploads\/2020\/03\/logo_oro.png","width":991,"height":180,"caption":"Robertaebasta\u00ae"},"image":{"@id":"https:\/\/robertaebasta.com\/fr\/#\/schema\/logo\/image\/"},"sameAs":["https:\/\/www.facebook.com\/RobertaebastaMilano\/","https:\/\/x.com\/robertaebasta1","https:\/\/www.instagram.com\/galleria_robertaebasta\/","https:\/\/www.linkedin.com\/company\/robertaebasta\/","https:\/\/www.pinterest.it\/robertaebastaartgallery\/","https:\/\/www.youtube.com\/channel\/UC4l_1jBxbO1I18UQKcImUsw"]}]}},"_links":{"self":[{"href":"https:\/\/robertaebasta.com\/fr\/wp-json\/wp\/v2\/works\/144146"}],"collection":[{"href":"https:\/\/robertaebasta.com\/fr\/wp-json\/wp\/v2\/works"}],"about":[{"href":"https:\/\/robertaebasta.com\/fr\/wp-json\/wp\/v2\/types\/works"}],"author":[{"embeddable":true,"href":"https:\/\/robertaebasta.com\/fr\/wp-json\/wp\/v2\/users\/3"}],"version-history":[{"count":0,"href":"https:\/\/robertaebasta.com\/fr\/wp-json\/wp\/v2\/works\/144146\/revisions"}],"wp:featuredmedia":[{"embeddable":true,"href":"https:\/\/robertaebasta.com\/fr\/wp-json\/wp\/v2\/media\/144147"}],"wp:attachment":[{"href":"https:\/\/robertaebasta.com\/fr\/wp-json\/wp\/v2\/media?parent=144146"}],"curies":[{"name":"wp","href":"https:\/\/api.w.org\/{rel}","templated":true}]}}